{"version":"1.0","provider_name":"Blog - Don Policarpo","provider_url":"https:\/\/donpolicarpo.com.br\/blog","author_name":"Don Policarpo","author_url":"https:\/\/donpolicarpo.com.br\/blog\/author\/policarpo\/","title":"\u201cOp\u00e7\u00e3o\u201d - Nova Faixa de Don Policarpo - Blog - Don Policarpo","type":"rich","width":600,"height":338,"html":"<blockquote class=\"wp-embedded-content\" data-secret=\"vX57TKkSrh\"><a href=\"https:\/\/donpolicarpo.com.br\/blog\/2026\/08\/31\/opcao-nova-faixa-de-don-policarpo\/\">\u201cOp\u00e7\u00e3o\u201d &#8211; Nova Faixa de Don Policarpo<\/a><\/blockquote><iframe sandbox=\"allow-scripts\" security=\"restricted\" src=\"https:\/\/donpolicarpo.com.br\/blog\/2026\/08\/31\/opcao-nova-faixa-de-don-policarpo\/embed\/#?secret=vX57TKkSrh\" width=\"600\" height=\"338\" title=\"&#8220;\u201cOp\u00e7\u00e3o\u201d &#8211; Nova Faixa de Don Policarpo&#8221; &#8212; Blog - Don Policarpo\" data-secret=\"vX57TKkSrh\" frameborder=\"0\" marginwidth=\"0\" marginheight=\"0\" scrolling=\"no\" class=\"wp-embedded-content\"><\/iframe><script>\n\/*! This file is auto-generated *\/\n!function(d,l){\"use strict\";l.querySelector&&d.addEventListener&&\"undefined\"!=typeof URL&&(d.wp=d.wp||{},d.wp.receiveEmbedMessage||(d.wp.receiveEmbedMessage=function(e){var t=e.data;if((t||t.secret||t.message||t.value)&&!\/[^a-zA-Z0-9]\/.test(t.secret)){for(var s,r,n,a=l.querySelectorAll('iframe[data-secret=\"'+t.secret+'\"]'),o=l.querySelectorAll('blockquote[data-secret=\"'+t.secret+'\"]'),c=new RegExp(\"^https?:$\",\"i\"),i=0;i<o.length;i++)o[i].style.display=\"none\";for(i=0;i<a.length;i++)s=a[i],e.source===s.contentWindow&&(s.removeAttribute(\"style\"),\"height\"===t.message?(1e3<(r=parseInt(t.value,10))?r=1e3:~~r<200&&(r=200),s.height=r):\"link\"===t.message&&(r=new URL(s.getAttribute(\"src\")),n=new URL(t.value),c.test(n.protocol))&&n.host===r.host&&l.activeElement===s&&(d.top.location.href=t.value))}},d.addEventListener(\"message\",d.wp.receiveEmbedMessage,!1),l.addEventListener(\"DOMContentLoaded\",function(){for(var e,t,s=l.querySelectorAll(\"iframe.wp-embedded-content\"),r=0;r<s.length;r++)(t=(e=s[r]).getAttribute(\"data-secret\"))||(t=Math.random().toString(36).substring(2,12),e.src+=\"#?secret=\"+t,e.setAttribute(\"data-secret\",t)),e.contentWindow.postMessage({message:\"ready\",secret:t},\"*\")},!1)))}(window,document);\n\/\/# sourceURL=https:\/\/donpolicarpo.com.br\/blog\/wp-includes\/js\/wp-embed.min.js\n<\/script>\n","thumbnail_url":"https:\/\/donpolicarpo.com.br\/blog\/wp-content\/uploads\/2026\/09\/OPCAOO.jpg","thumbnail_width":1200,"thumbnail_height":628,"description":"\u201cOp\u00e7\u00e3o\u201d \u00e9 a nova m\u00fasica de Don Policarpo, j\u00e1 dispon\u00edvel no Spotify. A faixa amplia a atua\u00e7\u00e3o do artista na m\u00fasica e refor\u00e7a sua conex\u00e3o entre poesia, literatura e express\u00e3o musical. Com uma abordagem que convida \u00e0 reflex\u00e3o, a m\u00fasica traz como ponto central as escolhas, os caminhos e as possibilidades que fazem parte da vida. \u201cOp\u00e7\u00e3o\u201d chega como mais um cap\u00edtulo da trajet\u00f3ria art\u00edstica de Don Policarpo, mostrando que a palavra pode ganhar diferentes formas e continuar encontrando novos caminhos atrav\u00e9s da m\u00fasica. \ud83c\udfa7 Ou\u00e7a \u201cOp\u00e7\u00e3o\u201d no Spotify e conhe\u00e7a a nova faixa de Don Policarpo."}